{"id":1148,"date":"2025-12-22T14:31:39","date_gmt":"2025-12-22T14:31:39","guid":{"rendered":"https:\/\/maya-airconditioning.com\/?page_id=1148"},"modified":"2025-12-22T14:31:39","modified_gmt":"2025-12-22T14:31:39","slug":"politique-de-confidentialite","status":"publish","type":"page","link":"https:\/\/maya-airconditioning.com\/fr\/privacy-policy\/","title":{"rendered":"Politique de confidentialit\u00e9"},"content":{"rendered":"<hr class=\"wp-block-separator has-alpha-channel-opacity\"\/>\n\n\n\n<p>En vertu de l'article 13 du r\u00e8glement (UE) 2016\/679 (ci-apr\u00e8s \"GDPR\"), Maya Air Conditioning informe les utilisateurs du site web.&nbsp;<strong>www.maya-airconditioning.com<\/strong>&nbsp;sur le traitement des donn\u00e9es \u00e0 caract\u00e8re personnel.<\/p>\n\n\n\n<hr class=\"wp-block-separator has-alpha-channel-opacity\"\/>\n\n\n\n<h2 class=\"wp-block-heading\"><strong>1. Responsable du traitement des donn\u00e9es<\/strong><\/h2>\n\n\n\n<p>Le responsable du traitement des donn\u00e9es est :<\/p>\n\n\n\n<p><strong>Maya Air Conditioning<\/strong><\/p>\n\n\n\n<p>Si\u00e8ge social : Via Falck, 53 20151 Milan, Italie<\/p>\n\n\n\n<p>Courriel : maya@maya-airconditioning.com<\/p>\n\n\n\n<p>T\u00e9l\u00e9phone : +39 02 290 60 290<\/p>\n\n\n\n<hr class=\"wp-block-separator has-alpha-channel-opacity\"\/>\n\n\n\n<h2 class=\"wp-block-heading\"><strong>2. Types de donn\u00e9es trait\u00e9es<\/strong><\/h2>\n\n\n\n<p>Le site peut collecter et traiter les cat\u00e9gories de donn\u00e9es personnelles suivantes :<\/p>\n\n\n\n<ul class=\"wp-block-list\">\n<li><strong>Donn\u00e9es de navigation<\/strong>Adresses IP, noms de domaine des appareils utilis\u00e9s, URI des ressources demand\u00e9es, heure de la demande, m\u00e9thode utilis\u00e9e pour soumettre la demande au serveur, taille du fichier obtenu en r\u00e9ponse, code d'\u00e9tat de la r\u00e9ponse du serveur.<\/li>\n\n\n\n<li><strong>Donn\u00e9es fournies volontairement par l'utilisateur<\/strong>le nom, le pr\u00e9nom, l'adresse \u00e9lectronique, le num\u00e9ro de t\u00e9l\u00e9phone et les autres donn\u00e9es saisies dans les formulaires de contact ou les demandes de devis.<\/li>\n\n\n\n<li><strong>Cookies et donn\u00e9es de suivi<\/strong>.<\/li>\n<\/ul>\n\n\n\n<hr class=\"wp-block-separator has-alpha-channel-opacity\"\/>\n\n\n\n<h2 class=\"wp-block-heading\"><strong>3. Finalit\u00e9 du traitement<\/strong><\/h2>\n\n\n\n<p>Les donn\u00e9es \u00e0 caract\u00e8re personnel sont trait\u00e9es aux fins suivantes :<\/p>\n\n\n\n<ul class=\"wp-block-list\">\n<li>r\u00e9pondre aux demandes d'information ou de devis ;<\/li>\n\n\n\n<li>fournir les services demand\u00e9s par l'utilisateur ;<\/li>\n\n\n\n<li>se conformer \u00e0 des obligations l\u00e9gales ou r\u00e9glementaires ;<\/li>\n\n\n\n<li>assurer le bon fonctionnement du site web ;<\/li>\n\n\n\n<li>pr\u00e9venir les fraudes et les abus ;<\/li>\n\n\n\n<li>\u00e0 des fins statistiques anonymes sur l'utilisation du site.<\/li>\n<\/ul>\n\n\n\n<hr class=\"wp-block-separator has-alpha-channel-opacity\"\/>\n\n\n\n<h2 class=\"wp-block-heading\"><strong>4. Base juridique du traitement<\/strong><\/h2>\n\n\n\n<p>Le traitement des donn\u00e9es personnelles est bas\u00e9 sur :<\/p>\n\n\n\n<ul class=\"wp-block-list\">\n<li>consentement expr\u00e8s de l'utilisateur ;<\/li>\n\n\n\n<li>l'ex\u00e9cution de mesures pr\u00e9contractuelles ou contractuelles ;<\/li>\n\n\n\n<li>les obligations l\u00e9gales ;<\/li>\n\n\n\n<li>l'int\u00e9r\u00eat l\u00e9gitime du contr\u00f4leur, dans les limites pr\u00e9vues par le GDPR.<\/li>\n<\/ul>\n\n\n\n<hr class=\"wp-block-separator has-alpha-channel-opacity\"\/>\n\n\n\n<h2 class=\"wp-block-heading\"><strong>5. Modalit\u00e9s de traitement<\/strong><\/h2>\n\n\n\n<p>Les donn\u00e9es sont trait\u00e9es \u00e0 l'aide d'outils informatiques et t\u00e9l\u00e9matiques, avec des m\u00e9thodes organisationnelles et logiques strictement li\u00e9es aux finalit\u00e9s indiqu\u00e9es et dans le respect des mesures de s\u00e9curit\u00e9 pr\u00e9vues par le GDPR.<\/p>\n\n\n\n<hr class=\"wp-block-separator has-alpha-channel-opacity\"\/>\n\n\n\n<h2 class=\"wp-block-heading\"><strong>6. Conservation des donn\u00e9es<\/strong><\/h2>\n\n\n\n<p>Les donn\u00e9es personnelles seront conserv\u00e9es pendant la dur\u00e9e strictement n\u00e9cessaire \u00e0 la r\u00e9alisation des finalit\u00e9s pour lesquelles elles ont \u00e9t\u00e9 collect\u00e9es et, en tout \u00e9tat de cause, dans le respect des conditions pr\u00e9vues par la l\u00e9gislation en vigueur.<\/p>\n\n\n\n<hr class=\"wp-block-separator has-alpha-channel-opacity\"\/>\n\n\n\n<h2 class=\"wp-block-heading\"><strong>7. Communication et diffusion des donn\u00e9es<\/strong><\/h2>\n\n\n\n<p>Les donn\u00e9es personnelles ne seront pas diffus\u00e9es.<\/p>\n\n\n\n<p>Elles peuvent \u00eatre communiqu\u00e9es \u00e0 des entit\u00e9s externes agissant en tant que contr\u00f4leurs de donn\u00e9es ou contr\u00f4leurs de donn\u00e9es autonomes, comme par exemple :<\/p>\n\n\n\n<ul class=\"wp-block-list\">\n<li>Fournisseurs de services informatiques et d'h\u00e9bergement ;<\/li>\n\n\n\n<li>des conseillers techniques, fiscaux ou juridiques ;<\/li>\n\n\n\n<li>les entit\u00e9s publiques, lorsque la loi l'exige.<\/li>\n<\/ul>\n\n\n\n<hr class=\"wp-block-separator has-alpha-channel-opacity\"\/>\n\n\n\n<h2 class=\"wp-block-heading\"><strong>8. Transfert de donn\u00e9es en dehors de l'UE<\/strong><\/h2>\n\n\n\n<p>Les donn\u00e9es personnelles ne sont pas transf\u00e9r\u00e9es vers des pays non membres de l'UE.<\/p>\n\n\n\n<p>Si cela s'av\u00e8re n\u00e9cessaire, le transfert s'effectuera dans le respect des garanties pr\u00e9vues par le GDPR.<\/p>\n\n\n\n<hr class=\"wp-block-separator has-alpha-channel-opacity\"\/>\n\n\n\n<h2 class=\"wp-block-heading\"><strong>9. Droits de la personne concern\u00e9e<\/strong><\/h2>\n\n\n\n<p>L'utilisateur a le droit de :<\/p>\n\n\n\n<ul class=\"wp-block-list\">\n<li>l'acc\u00e8s \u00e0 leurs donn\u00e9es personnelles ;<\/li>\n\n\n\n<li>demander sa rectification ou son annulation ;<\/li>\n\n\n\n<li>restreindre le traitement ou s'y opposer ;<\/li>\n\n\n\n<li>demander la portabilit\u00e9 des donn\u00e9es ;<\/li>\n\n\n\n<li>retirer son consentement \u00e0 tout moment ;<\/li>\n\n\n\n<li>d\u00e9poser une plainte aupr\u00e8s de l'Autorit\u00e9 de protection des donn\u00e9es.<\/li>\n<\/ul>\n\n\n\n<p>Les demandes de renseignements peuvent \u00eatre envoy\u00e9es aux adresses indiqu\u00e9es au point 1.<\/p>\n\n\n\n<hr class=\"wp-block-separator has-alpha-channel-opacity\"\/>\n\n\n\n<h2 class=\"wp-block-heading\"><strong>10. Modifications de la pr\u00e9sente politique de protection de la vie priv\u00e9e<\/strong><\/h2>\n\n\n\n<p>Le contr\u00f4leur se r\u00e9serve le droit de modifier la pr\u00e9sente politique de confidentialit\u00e9 \u00e0 tout moment. Les modifications seront publi\u00e9es sur cette page avec indication de la date de mise \u00e0 jour.<\/p>\n\n\n\n<hr class=\"wp-block-separator has-alpha-channel-opacity\"\/>\n\n\n\n<p><strong>Derni\u00e8re mise \u00e0 jour :<\/strong>\u00a0D\u00e9cembre 2025<\/p>\n\n\n\n<hr class=\"wp-block-separator has-alpha-channel-opacity\"\/>\n\n\n\n<ul class=\"wp-block-list\"><\/ul>\n\n\n\n<p><\/p>","protected":false},"excerpt":{"rendered":"<p>Ai sensi dell\u2019art. 13 del Regolamento (UE) 2016\/679 (di seguito \u201cGDPR\u201d), Maya Air Conditioning informa gli utenti del sito web&nbsp;www.maya-airconditioning.com&nbsp;in merito al trattamento dei dati personali. 1. Titolare del trattamento Il Titolare del trattamento dei dati \u00e8: Maya Air Conditioning Sede legale: Via Falck, 53 20151 Milano, Italia Email: maya@maya-airconditioning.com Telefono: \u00a0+39 02 290 60 [&hellip;]<\/p>\n","protected":false},"author":1,"featured_media":0,"parent":0,"menu_order":0,"comment_status":"closed","ping_status":"closed","template":"","meta":{"footnotes":""},"class_list":["post-1148","page","type-page","status-publish","hentry"],"_links":{"self":[{"href":"https:\/\/maya-airconditioning.com\/fr\/wp-json\/wp\/v2\/pages\/1148","targetHints":{"allow":["GET"]}}],"collection":[{"href":"https:\/\/maya-airconditioning.com\/fr\/wp-json\/wp\/v2\/pages"}],"about":[{"href":"https:\/\/maya-airconditioning.com\/fr\/wp-json\/wp\/v2\/types\/page"}],"author":[{"embeddable":true,"href":"https:\/\/maya-airconditioning.com\/fr\/wp-json\/wp\/v2\/users\/1"}],"replies":[{"embeddable":true,"href":"https:\/\/maya-airconditioning.com\/fr\/wp-json\/wp\/v2\/comments?post=1148"}],"version-history":[{"count":1,"href":"https:\/\/maya-airconditioning.com\/fr\/wp-json\/wp\/v2\/pages\/1148\/revisions"}],"predecessor-version":[{"id":1149,"href":"https:\/\/maya-airconditioning.com\/fr\/wp-json\/wp\/v2\/pages\/1148\/revisions\/1149"}],"wp:attachment":[{"href":"https:\/\/maya-airconditioning.com\/fr\/wp-json\/wp\/v2\/media?parent=1148"}],"curies":[{"name":"wp","href":"https:\/\/api.w.org\/{rel}","templated":true}]}}