{"id":1148,"date":"2025-12-22T14:31:39","date_gmt":"2025-12-22T14:31:39","guid":{"rendered":"https:\/\/maya-airconditioning.com\/?page_id=1148"},"modified":"2025-12-22T14:31:39","modified_gmt":"2025-12-22T14:31:39","slug":"polityka-prywatnosci","status":"publish","type":"page","link":"https:\/\/maya-airconditioning.com\/pl\/privacy-policy\/","title":{"rendered":"Polityka prywatno\u015bci"},"content":{"rendered":"<hr class=\"wp-block-separator has-alpha-channel-opacity\"\/>\n\n\n\n<p>Zgodnie z art. 13 rozporz\u0105dzenia (UE) 2016\/679 (zwanego dalej \"RODO\"), Maya Air Conditioning informuje u\u017cytkownik\u00f3w strony internetowej&nbsp;<strong>www.maya-airconditioning.com<\/strong>&nbsp;w sprawie przetwarzania danych osobowych.<\/p>\n\n\n\n<hr class=\"wp-block-separator has-alpha-channel-opacity\"\/>\n\n\n\n<h2 class=\"wp-block-heading\"><strong>1. Administrator danych<\/strong><\/h2>\n\n\n\n<p>Administratorem danych jest:<\/p>\n\n\n\n<p><strong>Klimatyzacja Maya<\/strong><\/p>\n\n\n\n<p>Siedziba: Via Falck, 53 20151 Mediolan, W\u0142ochy<\/p>\n\n\n\n<p>E-mail: maya@maya-airconditioning.com<\/p>\n\n\n\n<p>Telefon: +39 02 290 60 290<\/p>\n\n\n\n<hr class=\"wp-block-separator has-alpha-channel-opacity\"\/>\n\n\n\n<h2 class=\"wp-block-heading\"><strong>2. Rodzaje przetwarzanych danych<\/strong><\/h2>\n\n\n\n<p>Witryna mo\u017ce gromadzi\u0107 i przetwarza\u0107 nast\u0119puj\u0105ce kategorie danych osobowych:<\/p>\n\n\n\n<ul class=\"wp-block-list\">\n<li><strong>Dane nawigacyjne<\/strong>Adresy IP, nazwy domen u\u017cywanych urz\u0105dze\u0144, identyfikatory URI \u017c\u0105danych zasob\u00f3w, czas \u017c\u0105dania, metoda u\u017cyta do przes\u0142ania \u017c\u0105dania do serwera, rozmiar pliku uzyskanego w odpowiedzi, kod statusu odpowiedzi serwera.<\/li>\n\n\n\n<li><strong>Dane dostarczone dobrowolnie przez u\u017cytkownika<\/strong>imi\u0119, nazwisko, adres e-mail, numer telefonu i inne dane wprowadzone w formularzach kontaktowych lub zapytaniach ofertowych.<\/li>\n\n\n\n<li><strong>Pliki cookie i dane \u015bledzenia<\/strong>.<\/li>\n<\/ul>\n\n\n\n<hr class=\"wp-block-separator has-alpha-channel-opacity\"\/>\n\n\n\n<h2 class=\"wp-block-heading\"><strong>3. Cel przetwarzania<\/strong><\/h2>\n\n\n\n<p>Dane osobowe s\u0105 przetwarzane w nast\u0119puj\u0105cych celach:<\/p>\n\n\n\n<ul class=\"wp-block-list\">\n<li>odpowiada\u0107 na pro\u015bby o informacje lub oferty;<\/li>\n\n\n\n<li>\u015bwiadczenie us\u0142ug \u017c\u0105danych przez u\u017cytkownika;<\/li>\n\n\n\n<li>przestrzegania zobowi\u0105za\u0144 prawnych lub regulacyjnych;<\/li>\n\n\n\n<li>zapewni\u0107 prawid\u0142owe funkcjonowanie strony internetowej;<\/li>\n\n\n\n<li>zapobieganie oszustwom lub nadu\u017cyciom;<\/li>\n\n\n\n<li>anonimowe dane statystyczne dotycz\u0105ce korzystania z witryny.<\/li>\n<\/ul>\n\n\n\n<hr class=\"wp-block-separator has-alpha-channel-opacity\"\/>\n\n\n\n<h2 class=\"wp-block-heading\"><strong>4. Podstawa prawna przetwarzania<\/strong><\/h2>\n\n\n\n<p>Przetwarzanie danych osobowych odbywa si\u0119 na podstawie:<\/p>\n\n\n\n<ul class=\"wp-block-list\">\n<li>wyra\u017ana zgoda u\u017cytkownika;<\/li>\n\n\n\n<li>wykonanie \u015brodk\u00f3w przedumownych lub umownych;<\/li>\n\n\n\n<li>zobowi\u0105zania prawne;<\/li>\n\n\n\n<li>uzasadniony interes Administratora, w granicach przewidzianych przez RODO.<\/li>\n<\/ul>\n\n\n\n<hr class=\"wp-block-separator has-alpha-channel-opacity\"\/>\n\n\n\n<h2 class=\"wp-block-heading\"><strong>5. Sposoby leczenia<\/strong><\/h2>\n\n\n\n<p>Dane s\u0105 przetwarzane przy u\u017cyciu narz\u0119dzi komputerowych i telematycznych, przy u\u017cyciu metod organizacyjnych i logicznych \u015bci\u015ble zwi\u0105zanych ze wskazanymi celami i zgodnie ze \u015brodkami bezpiecze\u0144stwa przewidzianymi w RODO.<\/p>\n\n\n\n<hr class=\"wp-block-separator has-alpha-channel-opacity\"\/>\n\n\n\n<h2 class=\"wp-block-heading\"><strong>6. Zatrzymywanie danych<\/strong><\/h2>\n\n\n\n<p>Dane osobowe b\u0119d\u0105 przechowywane przez okres \u015bci\u015ble niezb\u0119dny do osi\u0105gni\u0119cia cel\u00f3w, dla kt\u00f3rych zosta\u0142y zgromadzone, a w ka\u017cdym razie zgodnie z warunkami przewidzianymi w obowi\u0105zuj\u0105cych przepisach.<\/p>\n\n\n\n<hr class=\"wp-block-separator has-alpha-channel-opacity\"\/>\n\n\n\n<h2 class=\"wp-block-heading\"><strong>7. Komunikacja i rozpowszechnianie danych<\/strong><\/h2>\n\n\n\n<p>Dane osobowe nie b\u0119d\u0105 rozpowszechniane.<\/p>\n\n\n\n<p>Mog\u0105 by\u0107 one przekazywane podmiotom zewn\u0119trznym dzia\u0142aj\u0105cym jako administratorzy danych lub autonomiczni administratorzy danych, takim jak:<\/p>\n\n\n\n<ul class=\"wp-block-list\">\n<li>Dostawcy us\u0142ug IT i hostingu;<\/li>\n\n\n\n<li>doradc\u00f3w technicznych, podatkowych lub prawnych;<\/li>\n\n\n\n<li>podmioty publiczne, gdy jest to wymagane przez prawo.<\/li>\n<\/ul>\n\n\n\n<hr class=\"wp-block-separator has-alpha-channel-opacity\"\/>\n\n\n\n<h2 class=\"wp-block-heading\"><strong>8. Przekazywanie danych poza UE<\/strong><\/h2>\n\n\n\n<p>Dane osobowe nie s\u0105 przekazywane do kraj\u00f3w spoza UE.<\/p>\n\n\n\n<p>Je\u015bli oka\u017ce si\u0119 to konieczne, przekazanie danych nast\u0105pi zgodnie z gwarancjami przewidzianymi w RODO.<\/p>\n\n\n\n<hr class=\"wp-block-separator has-alpha-channel-opacity\"\/>\n\n\n\n<h2 class=\"wp-block-heading\"><strong>9. Prawa osoby, kt\u00f3rej dane dotycz\u0105<\/strong><\/h2>\n\n\n\n<p>U\u017cytkownik ma prawo do:<\/p>\n\n\n\n<ul class=\"wp-block-list\">\n<li>dost\u0119p do swoich danych osobowych;<\/li>\n\n\n\n<li>za\u017c\u0105da\u0107 jego poprawienia lub anulowania;<\/li>\n\n\n\n<li>ograniczy\u0107 lub sprzeciwi\u0107 si\u0119 przetwarzaniu;<\/li>\n\n\n\n<li>za\u017c\u0105da\u0107 przeniesienia danych;<\/li>\n\n\n\n<li>wycofa\u0107 zgod\u0119 w dowolnym momencie;<\/li>\n\n\n\n<li>z\u0142o\u017cy\u0107 skarg\u0119 do Urz\u0119du Ochrony Danych Osobowych.<\/li>\n<\/ul>\n\n\n\n<p>Zapytania mo\u017cna przesy\u0142a\u0107 na adresy wskazane w punkcie 1.<\/p>\n\n\n\n<hr class=\"wp-block-separator has-alpha-channel-opacity\"\/>\n\n\n\n<h2 class=\"wp-block-heading\"><strong>10. Zmiany w niniejszej Polityce prywatno\u015bci<\/strong><\/h2>\n\n\n\n<p>Administrator zastrzega sobie prawo do zmiany niniejszej Polityki prywatno\u015bci w dowolnym momencie. Zmiany b\u0119d\u0105 publikowane na tej stronie ze wskazaniem daty aktualizacji.<\/p>\n\n\n\n<hr class=\"wp-block-separator has-alpha-channel-opacity\"\/>\n\n\n\n<p><strong>Ostatnia aktualizacja:<\/strong>\u00a0Grudzie\u0144 2025 r.<\/p>\n\n\n\n<hr class=\"wp-block-separator has-alpha-channel-opacity\"\/>\n\n\n\n<ul class=\"wp-block-list\"><\/ul>\n\n\n\n<p><\/p>","protected":false},"excerpt":{"rendered":"<p>Ai sensi dell\u2019art. 13 del Regolamento (UE) 2016\/679 (di seguito \u201cGDPR\u201d), Maya Air Conditioning informa gli utenti del sito web&nbsp;www.maya-airconditioning.com&nbsp;in merito al trattamento dei dati personali. 1. Titolare del trattamento Il Titolare del trattamento dei dati \u00e8: Maya Air Conditioning Sede legale: Via Falck, 53 20151 Milano, Italia Email: maya@maya-airconditioning.com Telefono: \u00a0+39 02 290 60 [&hellip;]<\/p>\n","protected":false},"author":1,"featured_media":0,"parent":0,"menu_order":0,"comment_status":"closed","ping_status":"closed","template":"","meta":{"footnotes":""},"class_list":["post-1148","page","type-page","status-publish","hentry"],"_links":{"self":[{"href":"https:\/\/maya-airconditioning.com\/pl\/wp-json\/wp\/v2\/pages\/1148","targetHints":{"allow":["GET"]}}],"collection":[{"href":"https:\/\/maya-airconditioning.com\/pl\/wp-json\/wp\/v2\/pages"}],"about":[{"href":"https:\/\/maya-airconditioning.com\/pl\/wp-json\/wp\/v2\/types\/page"}],"author":[{"embeddable":true,"href":"https:\/\/maya-airconditioning.com\/pl\/wp-json\/wp\/v2\/users\/1"}],"replies":[{"embeddable":true,"href":"https:\/\/maya-airconditioning.com\/pl\/wp-json\/wp\/v2\/comments?post=1148"}],"version-history":[{"count":1,"href":"https:\/\/maya-airconditioning.com\/pl\/wp-json\/wp\/v2\/pages\/1148\/revisions"}],"predecessor-version":[{"id":1149,"href":"https:\/\/maya-airconditioning.com\/pl\/wp-json\/wp\/v2\/pages\/1148\/revisions\/1149"}],"wp:attachment":[{"href":"https:\/\/maya-airconditioning.com\/pl\/wp-json\/wp\/v2\/media?parent=1148"}],"curies":[{"name":"wp","href":"https:\/\/api.w.org\/{rel}","templated":true}]}}